{"id":16,"date":"2016-02-23T20:49:48","date_gmt":"2016-02-23T20:49:48","guid":{"rendered":"http:\/\/localhost\/jegyesvagyok\/?page_id=16"},"modified":"2016-02-28T10:53:50","modified_gmt":"2016-02-28T10:53:50","slug":"magunkrol","status":"publish","type":"page","link":"https:\/\/jegyesvagyok.hu\/index.php\/magunkrol\/","title":{"rendered":"Magunkr\u00f3l"},"content":{"rendered":"<h3><span style=\"color: #993300;\"><strong>KIK VAGYUNK?<\/strong><\/span><\/h3>\n<p>A Veszpr\u00e9mi \u00c9rseks\u00e9g keretei k\u00f6z\u00f6tt m\u0171k\u00f6dik egy Csal\u00e1dpasztor\u00e1ci\u00f3s Iroda. Ennek egyik munkacsoportja a jegyesekkel foglalkozik \u00e9s jegyeskurzusokat szervez.\u00a0A csoport imm\u00e1ron t\u00f6bb \u00e9ve a jegyeseknek k\u00f6telezte el mag\u00e1t. Minden \u00e9v els\u0151 fel\u00e9ben k\u00e9t Jegyeskurzust szervez\u00fcnk. Ezek \u00e1ltal\u00e1ban febru\u00e1rban \u00e9s h\u00fasv\u00e9t ut\u00e1n (az aktu\u00e1lis \u00e9vt\u0151l f\u00fcgg\u0151en) indulnak.<\/p>\n<p>A csoport tagja katolikus csal\u00e1dok, akik \u00f6nk\u00e9pz\u00e9ssel pr\u00f3b\u00e1lnak felk\u00e9sz\u00fclni a r\u00e1juk v\u00e1r\u00f3 feladatokra. Emellett term\u00e9szetesen a saj\u00e1t tapasztalatokat is megosztjuk a jegyesp\u00e1rokkal \u00e9s ezeket be\u00e9p\u00edtj\u00fck a tanfolyam anyag\u00e1ba is.<\/p>\n<p><strong><span style=\"color: #993300;\">Rem\u00e9lem e r\u00f6vid bemutatkoz\u00e1s nem riasztott el benneteket, \u00e9s b\u00edzom benne, el\u0151bb-ut\u00f3bb a tanfolyamokon is tal\u00e1lkozhatunk majd!<\/span><\/strong><\/p>\n<p><img loading=\"lazy\" decoding=\"async\" class=\"alignnone size-full wp-image-75\" src=\"http:\/\/localhost\/jegyesvagyok\/wp-content\/uploads\/2016\/02\/Jegyesseg_gyuruvel.jpg\" alt=\"Jegyesseg_gyuruvel\" width=\"980\" height=\"131\" srcset=\"https:\/\/jegyesvagyok.hu\/wp-content\/uploads\/2016\/02\/Jegyesseg_gyuruvel.jpg 980w, https:\/\/jegyesvagyok.hu\/wp-content\/uploads\/2016\/02\/Jegyesseg_gyuruvel-300x40.jpg 300w\" sizes=\"auto, (max-width: 980px) 100vw, 980px\" \/><\/p>\n","protected":false},"excerpt":{"rendered":"<p>KIK VAGYUNK? A Veszpr\u00e9mi \u00c9rseks\u00e9g keretei k\u00f6z\u00f6tt m\u0171k\u00f6dik egy Csal\u00e1dpasztor\u00e1ci\u00f3s Iroda. Ennek egyik munkacsoportja a jegyesekkel foglalkozik \u00e9s jegyeskurzusokat szervez.\u00a0A csoport imm\u00e1ron t\u00f6bb \u00e9ve a jegyeseknek k\u00f6telezte el mag\u00e1t. Minden \u00e9v els\u0151 fel\u00e9ben k\u00e9t Jegyeskurzust szervez\u00fcnk. Ezek \u00e1ltal\u00e1ban febru\u00e1rban \u00e9s h\u00fasv\u00e9t ut\u00e1n (az aktu\u00e1lis \u00e9vt\u0151l f\u00fcgg\u0151en) indulnak. A csoport tagja katolikus csal\u00e1dok, akik \u00f6nk\u00e9pz\u00e9ssel pr\u00f3b\u00e1lnak&hellip;<\/p>\n<p class=\"more-link-wrapper\"><a class=\"more-link\" href=\"https:\/\/jegyesvagyok.hu\/index.php\/magunkrol\/\">Continue<\/a><\/p>\n","protected":false},"author":1,"featured_media":0,"parent":0,"menu_order":0,"comment_status":"closed","ping_status":"closed","template":"page-templates\/template-fullwidth.php","meta":{"_exactmetrics_skip_tracking":false,"_exactmetrics_sitenote_active":false,"_exactmetrics_sitenote_note":"","_exactmetrics_sitenote_category":0,"footnotes":""},"class_list":["post-16","page","type-page","status-publish","hentry"],"_links":{"self":[{"href":"https:\/\/jegyesvagyok.hu\/index.php\/wp-json\/wp\/v2\/pages\/16","targetHints":{"allow":["GET"]}}],"collection":[{"href":"https:\/\/jegyesvagyok.hu\/index.php\/wp-json\/wp\/v2\/pages"}],"about":[{"href":"https:\/\/jegyesvagyok.hu\/index.php\/wp-json\/wp\/v2\/types\/page"}],"author":[{"embeddable":true,"href":"https:\/\/jegyesvagyok.hu\/index.php\/wp-json\/wp\/v2\/users\/1"}],"replies":[{"embeddable":true,"href":"https:\/\/jegyesvagyok.hu\/index.php\/wp-json\/wp\/v2\/comments?post=16"}],"version-history":[{"count":4,"href":"https:\/\/jegyesvagyok.hu\/index.php\/wp-json\/wp\/v2\/pages\/16\/revisions"}],"predecessor-version":[{"id":77,"href":"https:\/\/jegyesvagyok.hu\/index.php\/wp-json\/wp\/v2\/pages\/16\/revisions\/77"}],"wp:attachment":[{"href":"https:\/\/jegyesvagyok.hu\/index.php\/wp-json\/wp\/v2\/media?parent=16"}],"curies":[{"name":"wp","href":"https:\/\/api.w.org\/{rel}","templated":true}]}}